{"id":874,"date":"2021-06-16T14:23:26","date_gmt":"2021-06-16T14:23:26","guid":{"rendered":"http:\/\/lamoianesa.com\/la-moianesa\/"},"modified":"2021-07-02T09:40:41","modified_gmt":"2021-07-02T09:40:41","slug":"la-moianesa","status":"publish","type":"page","link":"https:\/\/www.lamoianesa.com\/es\/la-moianesa\/","title":{"rendered":"La Moianesa"},"content":{"rendered":"<p>[et_pb_section fb_built=\u00bb1&#8243; _builder_version=\u00bb4.9.3&#8243; _module_preset=\u00bbdefault\u00bb][et_pb_row _builder_version=\u00bb4.9.7&#8243; _module_preset=\u00bbdefault\u00bb min_height=\u00bb744.3px\u00bb custom_margin_tablet=\u00bb||-306px||false|false\u00bb custom_margin_phone=\u00bb||-525px||false|false\u00bb custom_margin_last_edited=\u00bbon|phone\u00bb][et_pb_column type=\u00bb4_4&#8243; _builder_version=\u00bb4.9.3&#8243; _module_preset=\u00bbdefault\u00bb][et_pb_image src=\u00bbhttps:\/\/www.lamoianesa.com\/wp-content\/uploads\/2021\/04\/BodegoBlancMoianesa2.jpg\u00bb title_text=\u00bbBodegoBlancMoianesa2&#8243; _builder_version=\u00bb4.9.3&#8243; _module_preset=\u00bbdefault\u00bb][\/et_pb_image][\/et_pb_column][\/et_pb_row][et_pb_row column_structure=\u00bb1_4,1_2,1_4&#8243; _builder_version=\u00bb4.9.3&#8243; _module_preset=\u00bbdefault\u00bb][et_pb_column type=\u00bb1_4&#8243; _builder_version=\u00bb4.9.3&#8243; _module_preset=\u00bbdefault\u00bb][\/et_pb_column][et_pb_column type=\u00bb1_2&#8243; _builder_version=\u00bb4.9.3&#8243; _module_preset=\u00bbdefault\u00bb][et_pb_text _builder_version=\u00bb4.9.3&#8243; _module_preset=\u00bbdefault\u00bb text_font=\u00bbFraunces|700|||||||\u00bb text_text_color=\u00bb#e02b20&#8243; text_font_size=\u00bb28px\u00bb text_orientation=\u00bbcenter\u00bb]<\/p>\n<p>La Moianesa: marca la diferencia<\/p>\n<p>[\/et_pb_text][et_pb_text _builder_version=\u00bb4.9.7&#8243; _module_preset=\u00bbdefault\u00bb text_font=\u00bbFraunces|300|||||||\u00bb text_font_size=\u00bb21px\u00bb text_orientation=\u00bbcenter\u00bb custom_margin_tablet=\u00bb\u00bb custom_margin_phone=\u00bb||-101px||false|false\u00bb custom_margin_last_edited=\u00bbon|phone\u00bb]<\/p>\n<p>Se elabora pasta tradicional, pasta con verduras, pasta integral, pasta con tinta de sepia y muchas otras especialidades.<\/p>\n<p>[\/et_pb_text][\/et_pb_column][et_pb_column type=\u00bb1_4&#8243; _builder_version=\u00bb4.9.3&#8243; _module_preset=\u00bbdefault\u00bb][\/et_pb_column][\/et_pb_row][\/et_pb_section][et_pb_section fb_built=\u00bb1&#8243; admin_label=\u00bbCoffee Menu\u00bb _builder_version=\u00bb4.9.3&#8243; background_image=\u00bbhttps:\/\/www.lamoianesa.com\/wp-content\/uploads\/2021\/04\/Foto-Fa\u0300brica-1930-2.jpg\u00bb parallax=\u00bbon\u00bb custom_padding=\u00bb100px||287px||false|false\u00bb][et_pb_row admin_label=\u00bbSection Header\u00bb _builder_version=\u00bb4.9.3&#8243; module_alignment=\u00bbcenter\u00bb custom_margin=\u00bb-1px|auto|-4px|auto|false|false\u00bb custom_padding=\u00bb165px|0px|25px|0px|false|false\u00bb][et_pb_column type=\u00bb4_4&#8243; _builder_version=\u00bb3.25&#8243; custom_padding=\u00bb|||\u00bb custom_padding__hover=\u00bb|||\u00bb][et_pb_text admin_label=\u00bbTittle\u00bb _builder_version=\u00bb4.9.3&#8243; text_font=\u00bbFraunces|700|||||||\u00bb text_text_color=\u00bb#e02b20&#8243; text_font_size=\u00bb27px\u00bb]<\/p>\n<p style=\"text-align: center\"><span style=\"color: #ffffff\">M\u00e1s de 140 a\u00f1os de historia<\/span><\/p>\n<p>[\/et_pb_text][\/et_pb_column][\/et_pb_row][et_pb_row column_structure=\u00bb1_4,1_2,1_4&#8243; _builder_version=\u00bb4.9.3&#8243; _module_preset=\u00bbdefault\u00bb][et_pb_column type=\u00bb1_4&#8243; _builder_version=\u00bb4.9.3&#8243; _module_preset=\u00bbdefault\u00bb][\/et_pb_column][et_pb_column type=\u00bb1_2&#8243; _builder_version=\u00bb4.9.3&#8243; _module_preset=\u00bbdefault\u00bb][et_pb_text _builder_version=\u00bb4.9.3&#8243; _module_preset=\u00bbdefault\u00bb text_font=\u00bbFraunces||||||||\u00bb text_text_color=\u00bb#FFFFFF\u00bb text_font_size=\u00bb20px\u00bb text_orientation=\u00bbcenter\u00bb]<\/p>\n<p>El inicio de la actividad de elaboraci\u00f3n de Pasta se remonta al siglo XIX, concretamente el a\u00f1o 1880. La f\u00e1brica estaba situada en el centro de Moi\u00e0 en la misma casa d\u00f3nde actualmente est\u00e1 situada la tienda de \u201cLa Moianesa\u201d.<\/p>\n<p>[\/et_pb_text][\/et_pb_column][et_pb_column type=\u00bb1_4&#8243; _builder_version=\u00bb4.9.3&#8243; _module_preset=\u00bbdefault\u00bb][\/et_pb_column][\/et_pb_row][\/et_pb_section][et_pb_section fb_built=\u00bb1&#8243; fullwidth=\u00bbon\u00bb _builder_version=\u00bb4.9.3&#8243; _module_preset=\u00bbdefault\u00bb custom_margin=\u00bb||18px||false|false\u00bb][\/et_pb_section][et_pb_section fb_built=\u00bb1&#8243; admin_label=\u00bbVideo Title Section\u00bb _builder_version=\u00bb4.9.7&#8243; background_color=\u00bbrgba(28,28,28,0)\u00bb custom_margin=\u00bb||-2px|||\u00bb custom_margin_tablet=\u00bb\u00bb custom_margin_phone=\u00bb-70px||-105px||false|false\u00bb custom_margin_last_edited=\u00bbon|phone\u00bb custom_padding=\u00bb60px|0px|60px|0px||\u00bb hover_enabled=\u00bb0&#8243; saved_tabs=\u00bball\u00bb sticky_enabled=\u00bb0&#8243;][et_pb_row admin_label=\u00bbVideo Row\u00bb _builder_version=\u00bb4.9.7&#8243; custom_margin=\u00bb-55px|auto||auto||\u00bb custom_padding=\u00bb|||\u00bb hover_enabled=\u00bb0&#8243; custom_margin_last_edited=\u00bbon|phone\u00bb sticky_enabled=\u00bb0&#8243; custom_margin_phone=\u00bb-22px||||false|false\u00bb][et_pb_column type=\u00bb4_4&#8243; _builder_version=\u00bb3.25&#8243; custom_padding=\u00bb|||\u00bb custom_padding__hover=\u00bb|||\u00bb][et_pb_text _builder_version=\u00bb4.9.3&#8243; _module_preset=\u00bbdefault\u00bb text_font=\u00bbFraunces|700|||||||\u00bb text_text_color=\u00bb#e02b20&#8243; text_font_size=\u00bb27px\u00bb]<\/p>\n<p style=\"text-align: center\">Calidad i tradici\u00f3n<\/p>\n<p>[\/et_pb_text][\/et_pb_column][\/et_pb_row][et_pb_row column_structure=\u00bb1_4,1_2,1_4&#8243; _builder_version=\u00bb4.9.3&#8243; _module_preset=\u00bbdefault\u00bb custom_margin=\u00bb-14px|auto||auto||\u00bb][et_pb_column type=\u00bb1_4&#8243; _builder_version=\u00bb4.9.3&#8243; _module_preset=\u00bbdefault\u00bb][\/et_pb_column][et_pb_column type=\u00bb1_2&#8243; _builder_version=\u00bb4.9.3&#8243; _module_preset=\u00bbdefault\u00bb][et_pb_text _builder_version=\u00bb4.9.3&#8243; _module_preset=\u00bbdefault\u00bb text_font=\u00bb|300|||||||\u00bb text_font_size=\u00bb19px\u00bb text_orientation=\u00bbcenter\u00bb]<\/p>\n<p style=\"text-align: center\">La Moianesa es una empresa familiar que sigue con la tradici\u00f3n artesana de elaboraci\u00f3n de pasta. La producci\u00f3n a peque\u00f1a escala permite fabricar muchas especialidades.<\/p>\n<p>[\/et_pb_text][\/et_pb_column][et_pb_column type=\u00bb1_4&#8243; _builder_version=\u00bb4.9.3&#8243; _module_preset=\u00bbdefault\u00bb][\/et_pb_column][\/et_pb_row][\/et_pb_section][et_pb_section fb_built=\u00bb1&#8243; admin_label=\u00bbVideo Section\u00bb _builder_version=\u00bb4.9.3&#8243; background_color=\u00bb#1d140b\u00bb background_image=\u00bbhttp:\/\/lamoianesa.com\/wp-content\/uploads\/2021\/04\/2-52-2-scaled.jpg\u00bb parallax=\u00bbon\u00bb custom_margin=\u00bb||-5px||false|false\u00bb custom_padding=\u00bb1px|0px|415px|0px|false|false\u00bb saved_tabs=\u00bball\u00bb][\/et_pb_section][et_pb_section fb_built=\u00bb1&#8243; admin_label=\u00bbBest Beans\u00bb _builder_version=\u00bb4.9.3&#8243; background_color_gradient_direction=\u00bb90deg\u00bb custom_padding=\u00bb63px|0px|47px|0px|false|false\u00bb][et_pb_row _builder_version=\u00bb4.9.3&#8243; _module_preset=\u00bbdefault\u00bb][et_pb_column type=\u00bb4_4&#8243; _builder_version=\u00bb4.9.3&#8243; _module_preset=\u00bbdefault\u00bb][et_pb_text _builder_version=\u00bb4.9.3&#8243; _module_preset=\u00bbdefault\u00bb text_font=\u00bbFraunces|700|||||||\u00bb text_text_color=\u00bb#e02b20&#8243; text_font_size=\u00bb27px\u00bb]<\/p>\n<p style=\"text-align: center\">Comprometidos con el territorio<\/p>\n<p>[\/et_pb_text][\/et_pb_column][\/et_pb_row][et_pb_row column_structure=\u00bb1_2,1_2&#8243; _builder_version=\u00bb4.9.3&#8243; _module_preset=\u00bbdefault\u00bb][et_pb_column type=\u00bb1_2&#8243; _builder_version=\u00bb4.9.3&#8243; _module_preset=\u00bbdefault\u00bb][et_pb_text _builder_version=\u00bb4.9.3&#8243; _module_preset=\u00bbdefault\u00bb text_font=\u00bb|300|||||||\u00bb text_font_size=\u00bb17px\u00bb]<\/p>\n<p style=\"text-align: center\"><strong><a href=\"http:\/\/moianesturisme.cat\/\">El Moian\u00e8s<\/a><\/strong> es una peque\u00f1a comarca situada en el centro de Catalu\u00f1a, con un entorno natural privilegiado.<br \/>Hist\u00f3ricamente la econom\u00eda de \u201cEl Moian\u00e8s\u201d estaba basada en la agricultura, la ganader\u00eda y el textil. Pero en los \u00faltimos a\u00f1os ha cogido mucha fuerza la industria alimentaria sobre todo del sector ecol\u00f3gico.<\/p>\n<p>[\/et_pb_text][\/et_pb_column][et_pb_column type=\u00bb1_2&#8243; _builder_version=\u00bb4.9.3&#8243; _module_preset=\u00bbdefault\u00bb][et_pb_text _builder_version=\u00bb4.9.3&#8243; _module_preset=\u00bbdefault\u00bb text_font=\u00bb|300|||||||\u00bb text_font_size=\u00bb17px\u00bb]<\/p>\n<p style=\"text-align: center\">La Moianesa \u00e9s l\u2019elaboradora de la <strong><a href=\"http:\/\/www.natureco.cat\/bonapasta.php\">pasta de espelta ecol\u00f3gica cultivada en El Moian\u00e8s<\/a>.<\/strong> Este proyecto de Km.0 i 100% Ecol\u00f3gico impulsado por <strong>Natureco<\/strong> marca el camino a seguir: Ecolog\u00eda, Proximidad i Sostenibilidad.<\/p>\n<p>[\/et_pb_text][\/et_pb_column][\/et_pb_row][\/et_pb_section][et_pb_section fb_built=\u00bb1&#8243; admin_label=\u00bbGreat Coffee\u00bb _builder_version=\u00bb4.9.3&#8243; background_color=\u00bb#e2d4c0&#8243; background_image=\u00bbhttps:\/\/www.lamoianesa.com\/wp-content\/uploads\/2021\/04\/2-9.jpg\u00bb parallax=\u00bbon\u00bb custom_margin=\u00bb|||\u00bb custom_padding=\u00bb10%|0px|25%|0px|false|false\u00bb][\/et_pb_section]<\/p>\n","protected":false},"excerpt":{"rendered":"<p>La Moianesa: marca la diferenciaSe elabora pasta tradicional, pasta con verduras, pasta integral, pasta con tinta de sepia y muchas otras especialidades.M\u00e1s de 140 a\u00f1os de historiaEl inicio de la actividad de elaboraci\u00f3n de Pasta se remonta al siglo XIX, concretamente el a\u00f1o 1880. La f\u00e1brica estaba situada en el centro de Moi\u00e0 en la [&hellip;]<\/p>\n","protected":false},"author":1,"featured_media":0,"parent":0,"menu_order":0,"comment_status":"closed","ping_status":"closed","template":"","meta":{"_et_pb_use_builder":"on","_et_pb_old_content":"","_et_gb_content_width":"","footnotes":""},"_links":{"self":[{"href":"https:\/\/www.lamoianesa.com\/es\/wp-json\/wp\/v2\/pages\/874"}],"collection":[{"href":"https:\/\/www.lamoianesa.com\/es\/wp-json\/wp\/v2\/pages"}],"about":[{"href":"https:\/\/www.lamoianesa.com\/es\/wp-json\/wp\/v2\/types\/page"}],"author":[{"embeddable":true,"href":"https:\/\/www.lamoianesa.com\/es\/wp-json\/wp\/v2\/users\/1"}],"replies":[{"embeddable":true,"href":"https:\/\/www.lamoianesa.com\/es\/wp-json\/wp\/v2\/comments?post=874"}],"version-history":[{"count":11,"href":"https:\/\/www.lamoianesa.com\/es\/wp-json\/wp\/v2\/pages\/874\/revisions"}],"predecessor-version":[{"id":1093,"href":"https:\/\/www.lamoianesa.com\/es\/wp-json\/wp\/v2\/pages\/874\/revisions\/1093"}],"wp:attachment":[{"href":"https:\/\/www.lamoianesa.com\/es\/wp-json\/wp\/v2\/media?parent=874"}],"curies":[{"name":"wp","href":"https:\/\/api.w.org\/{rel}","templated":true}]}}